{"id":1416,"date":"2020-10-21T14:44:07","date_gmt":"2020-10-21T12:44:07","guid":{"rendered":"http:\/\/equalhealth4all.noblogs.org\/?page_id=1416"},"modified":"2020-11-26T14:29:18","modified_gmt":"2020-11-26T13:29:18","slug":"programm","status":"publish","type":"page","link":"https:\/\/equalhealth4all.noblogs.org\/de\/programm\/","title":{"rendered":"Programm"},"content":{"rendered":"<p>Das vollst\u00e4ndige <a href=\"https:\/\/equalhealth4all.noblogs.org\/files\/2020\/10\/Program.pdf\" target=\"_blank\" rel=\"noopener noreferrer\">Programm<\/a> mit den beteiligten Organisationen und Beitr\u00e4gen im \u00dcberblick.<\/p>\n<p>Die aufgezeichneten Sitzungen sind auf unserem Youtube Kanal verf\u00fcgbar.<br \/>\n<a href=\"https:\/\/www.youtube.com\/watch?v=VhZAJZCmbgE\" target=\"_blank\" rel=\"noopener noreferrer\">Tag 1<\/a><br \/>\n<a href=\"https:\/\/www.youtube.com\/watch?v=WgOi_T5GcoM\" target=\"_blank\" rel=\"noopener noreferrer\">Tag 2<\/a><br \/>\n<a href=\"https:\/\/www.youtube.com\/watch?v=d8_uH5HNBoA\" target=\"_blank\" rel=\"noopener noreferrer\">Tag 3<\/a><\/p>\n<p><u><b>Freitag 23. Okt, 2020<\/b><\/u><\/p>\n<p><b>Pr\u00e4sentation <a href=\"https:\/\/equalhealth4all.noblogs.org\/files\/2020\/10\/Indictment-PPT_Berlin_GER.pdf\" target=\"_blank\" rel=\"noopener noreferrer\">Anklageschrift<\/a><br \/>\n<\/b><\/p>\n<p><b>Hearing 1\u00a0\u00a0\u00a0\u00a0\u00a0 <\/b><span style=\"font-size: medium\"><span lang=\"en-GB\"><b>Access to Health Care in Germany<br \/>\n<\/b><\/span><\/span><\/p>\n<p style=\"padding-left: 40px\"><span lang=\"en-GB\">Access to health care for refugee women <\/span><span lang=\"en-GB\">&#8211; <em>Fatuma Musa\/ <\/em><\/span><span lang=\"en-GB\"><em><a href=\"https:\/\/equalhealth4all.noblogs.org\/united-action-e-v-ger\/\" target=\"_blank\" rel=\"noopener noreferrer\">United Action e.V.<\/a> (GER)<\/em><br \/>\n<\/span><\/p>\n<p style=\"padding-left: 40px\"><span style=\"font-size: medium\"><span lang=\"en-GB\"><a href=\"https:\/\/equalhealth4all.noblogs.org\/files\/2020\/11\/PPT-Berlin-Access-health-care-MediBu%CC%88ro_Medinetz_eng.pdf\" target=\"_blank\" rel=\"noopener noreferrer\">Access to health care for people without health insurance<\/a><br \/>\n<\/span><\/span><span style=\"font-size: medium\"><span lang=\"en-GB\">&#8211; <em><a href=\"https:\/\/equalhealth4all.noblogs.org\/mediburo-medinetz-mainz-e-v-ger\/\" target=\"_blank\" rel=\"noopener noreferrer\">MediB\u00fcro Berlin\/Medinetz Mainz<\/a> (GER)<\/em><\/span><\/span><\/p>\n<p style=\"padding-left: 40px\"><span style=\"font-size: medium\"><span lang=\"en-GB\">Access to mental health care for LGBTIQ+ refugees and migrants<br \/>\n<\/span><\/span><span style=\"font-size: medium\"><span lang=\"en-GB\">&#8211; <\/span><\/span><em><span lang=\"en-GB\"><a href=\"https:\/\/equalhealth4all.noblogs.org\/lesmigras-ger\/\" target=\"_blank\" rel=\"noopener noreferrer\">LesMigraS<\/a> (GER)\/ Syrine Boukadida<\/span><\/em><\/p>\n<p style=\"padding-left: 40px\"><span style=\"font-size: medium\"><span lang=\"en-GB\"> Integration and regularisation &#8211; <em><a href=\"https:\/\/equalhealth4all.noblogs.org\/corasol-ger\/\" target=\"_blank\" rel=\"noopener noreferrer\">CoraSol<\/a> (GER)<\/em><\/span><\/span><\/p>\n<p><b>Hearing 2<\/b> \u00a0\u00a0\u00a0\u00a0 <span style=\"font-size: medium\"><span lang=\"en-GB\"><b>Access to Health Care (Europe)<br \/>\n<\/b><\/span><\/span><\/p>\n<p style=\"padding-left: 40px\"><span style=\"color: #000000\"><span lang=\"en-GB\"><a href=\"https:\/\/equalhealth4all.noblogs.org\/files\/2020\/10\/Submission-Institute-of-Race-Relations-and-the-PPT-London-hearing-steering-group.pdf\" target=\"_blank\" rel=\"noopener noreferrer\">Violations of migrants\u2019 and refugees\u2019 right to health during the COVID-19 pandemic<\/a><br \/>\n<\/span><\/span><span style=\"color: #000000\"><span lang=\"en-GB\">&#8211; <\/span><\/span><em><span lang=\"en-GB\"><a href=\"https:\/\/equalhealth4all.noblogs.org\/institute-of-race-relations-uk\/\" target=\"_blank\" rel=\"noopener noreferrer\">Institute of Race Relations<\/a> (UK)<\/span><\/em><\/p>\n<p style=\"padding-left: 40px\"><span style=\"color: #000000\"><span lang=\"en-GB\"><a href=\"https:\/\/equalhealth4all.noblogs.org\/files\/2020\/10\/@PPT_2020-Berlin-Submission-NL-.pdf\" target=\"_blank\" rel=\"noopener noreferrer\"> Migrant and refugee health matters!<\/a><br \/>\nViolations of the right to health and the access to health care for (undocumented) migrant and refugee peoples in the Netherlands<br \/>\n<\/span><\/span><span style=\"color: #000000\"><span lang=\"en-GB\">&#8211; <\/span><\/span><a href=\"https:\/\/equalhealth4all.noblogs.org\/transnational-migrant-platform-europe-caat-projects-nl\/\" target=\"_blank\" rel=\"noopener noreferrer\"><em><span lang=\"en-GB\">Transnational Migrant Platform &#8211; Europe<\/span><\/em><\/a><span lang=\"en-GB\"><em> (NL)<\/em> <\/span><\/p>\n<p style=\"padding-left: 40px\"><span style=\"font-size: medium\"><span lang=\"en-GB\"><a href=\"https:\/\/equalhealth4all.noblogs.org\/files\/2020\/10\/PPT-Berlin-MELLISSA-REPORT.pdf\" target=\"_blank\" rel=\"noopener noreferrer\">Migrant and Refugee Women &#8211; Claim our Right to Health<\/a><br \/>\n<\/span><\/span><em><span style=\"font-size: medium\"><span lang=\"en-GB\">&#8211; <a href=\"https:\/\/equalhealth4all.noblogs.org\/melissa-network-of-migrant-women-in-greece-gr\/\" target=\"_blank\" rel=\"noopener noreferrer\">MELISSA &#8211;\u00a0 Network of Migrant Women in Greece<\/a> (GR)<\/span><\/span><\/em><\/p>\n<p><b>Hearing 3\u00a0\u00a0\u00a0\u00a0\u00a0 \u00a0 EU Border Politics<br \/>\n<\/b><\/p>\n<p style=\"padding-left: 40px\">Border protection and the impact on child rights &#8211; <em>Philip Ishola, <a href=\"https:\/\/equalhealth4all.noblogs.org\/love146-uk\/\" target=\"_blank\" rel=\"noopener noreferrer\">Love146<\/a> (UK)<\/em><\/p>\n<p style=\"padding-left: 40px\">Cooperation with EU neighbouring countries despite human rights violations?<br \/>\n&#8211; <em>Muhammad al-Kashef, <a href=\"https:\/\/equalhealth4all.noblogs.org\/alarmphone-ger\/\" target=\"_blank\" rel=\"noopener noreferrer\">Alarmphone<\/a> (GER)<\/em><\/p>\n<p>&nbsp;<\/p>\n<p><u><b>Samstag 24. Okt, 2020<\/b><\/u><\/p>\n<p><b>Hearing 4<\/b> \u00a0\u00a0\u00a0\u00a0 <span style=\"font-size: medium\"><span lang=\"en-GB\"><b>Situation on the Greek-Islands <\/b><\/span><\/span><span lang=\"en-GB\"><i><br \/>\n<\/i><\/span><\/p>\n<p style=\"padding-left: 40px\"><span lang=\"en-GB\">Introduction: <em>Ramona Lenz, <a href=\"https:\/\/equalhealth4all.noblogs.org\/medico-international-ger\/\" target=\"_blank\" rel=\"noopener noreferrer\">medico international<\/a> (GER)<\/em><\/span><\/p>\n<p style=\"padding-left: 40px\"><span lang=\"en-GB\"><a href=\"https:\/\/equalhealth4all.noblogs.org\/files\/2020\/11\/PPT-Berlin-Medical-expert-assessment-on-living-conditions-and-healthcare-structures-in-Moria-Camp.pdf\" target=\"_blank\" rel=\"noopener noreferrer\">Medical expert assessment on living conditions and health care in Moria Camp<\/a><br \/>\n<\/span><span lang=\"en-GB\"> &#8211; <em><a href=\"https:\/\/equalhealth4all.noblogs.org\/medico-international-ger\/\" target=\"_blank\" rel=\"noopener noreferrer\">medico international<\/a> (GER)<\/em><\/span><\/p>\n<p style=\"padding-left: 40px\"><span lang=\"en-GB\"> 2 Testimonies <\/span><span lang=\"en-GB\">&#8211; <\/span><em><span lang=\"en-GB\"><a href=\"https:\/\/equalhealth4all.noblogs.org\/stand-by-me-lesvos-gr\/\" target=\"_blank\" rel=\"noopener noreferrer\">Stand by me Lesvos<\/a> (GR)<\/span><\/em><\/p>\n<p style=\"padding-left: 40px\"><em><span lang=\"en-GB\"><a href=\"https:\/\/equalhealth4all.noblogs.org\/pikpa-camp-lesvos-solidarity-gr\/\" target=\"_blank\" rel=\"noopener noreferrer\">Pikpa Camp<\/a> <\/span><\/em><span lang=\"en-GB\">und<\/span><em><span lang=\"en-GB\"><a href=\"https:\/\/equalhealth4all.noblogs.org\/legal-centre-lesvos-gr\/\" target=\"_blank\" rel=\"noopener noreferrer\"> Legal Centre Lesvos<\/a> (GR)<\/span><\/em><\/p>\n<p><b>Hearing 5<\/b> \u00a0\u00a0\u00a0\u00a0 <span style=\"font-size: medium\"><span lang=\"en-GB\"><b>Criminalisation of Solidarity<br \/>\n<\/b><\/span><\/span><\/p>\n<p style=\"padding-left: 40px\"><span style=\"font-size: medium\"><span lang=\"en-GB\"><a href=\"https:\/\/equalhealth4all.noblogs.org\/files\/2020\/11\/PPT-Criminalisation-Solidarity_eng.pdf\" target=\"_blank\" rel=\"noopener noreferrer\">Criminalisation of Solidarity<\/a> &#8211; <a href=\"https:\/\/equalhealth4all.noblogs.org\/borderline-europe\/\" target=\"_blank\" rel=\"noopener noreferrer\"><em>borderline-europe<\/em><\/a><\/span><\/span> (GER)<\/p>\n<p><strong>Hearing 6 \u00a0\u00a0\u00a0\u00a0 Racism and Criminalisation of refugee and migrant People<\/strong><\/p>\n<p style=\"padding-left: 40px\"><span style=\"font-size: medium\"><span lang=\"en-GB\">Consequences of racism on (mental) health &#8211; <em><a href=\"https:\/\/equalhealth4all.noblogs.org\/black-visions-and-voices-ger\/\" target=\"_blank\" rel=\"noopener noreferrer\">Black Visions and Voices<\/a> (GER)<\/em><\/span><\/span><\/p>\n<p style=\"padding-left: 40px\"><span style=\"font-size: medium\"><span lang=\"en-GB\">Experiencing police violence <\/span><\/span><span style=\"font-size: medium\"><span lang=\"en-GB\">&#8211; <\/span><\/span><span lang=\"en-GB\">2 Testimonies (GER)<\/span><\/p>\n<p style=\"padding-left: 40px\"><span lang=\"en-GB\">Deportation of a survivor of a racially-motivated hate crime <\/span><span lang=\"en-GB\">&#8211; <\/span><span lang=\"en-GB\"><em><a href=\"https:\/\/equalhealth4all.noblogs.org\/fluchtlingsrat-berlin-e-v-ger\/\" target=\"_blank\" rel=\"noopener noreferrer\">Fl\u00fcchtlingsrat Berlin<\/a> (GER)<\/em><br \/>\n<\/span><\/p>\n<p style=\"padding-left: 40px\">Sans Papiers (FR)<\/p>\n<p style=\"padding-left: 40px\"><span style=\"font-size: medium\"><span lang=\"en-GB\">\u201cOury Jalloh, that was murder!\u201d <\/span><\/span><span style=\"font-size: medium\"><span lang=\"en-GB\">&#8211; <\/span><\/span><em><a href=\"https:\/\/equalhealth4all.noblogs.org\/initiative-in-gedenken-an-oury-jalloh-e-v-ger\/\" target=\"_blank\" rel=\"noopener noreferrer\">Initiative Oury Jalloh Berlin\/Mannheim<\/a> (GER)<\/em><\/p>\n<p><b>Hearing 7<\/b> \u00a0\u00a0\u00a0\u00a0 <span style=\"font-size: medium\"><span lang=\"en-GB\"><b>Living under Stress \u2013 Encampment and Risk of Deportation in Germany<\/b><\/span><\/span><\/p>\n<p style=\"padding-left: 40px\">Complicity and silence &#8211; <em>Testimony of a witness from Mecklenburg-Vorpommern (GER)<\/em><\/p>\n<p style=\"padding-left: 40px\"><span style=\"font-size: medium\"><span lang=\"en-GB\">Refugee struggle in Bavaria <\/span><\/span><span style=\"font-size: medium\"><span lang=\"en-GB\">&#8211; <\/span><\/span><em><a href=\"https:\/\/equalhealth4all.noblogs.org\/fluchtlingsrat-bayern-ger\/\" target=\"_blank\" rel=\"noopener noreferrer\">Fl\u00fcchtlingsrat Bayern<\/a> (GER)<\/em><\/p>\n<p style=\"padding-left: 40px\"><span style=\"font-size: medium\"><span lang=\"en-GB\"> Age assessment of minors <\/span><\/span><span style=\"font-size: medium\"><span lang=\"en-GB\">&#8211; <\/span><\/span><em><span lang=\"en-GB\">Testimony (GER)<\/span><\/em><\/p>\n<p style=\"padding-left: 40px\">Insights from monitoring of deportation at airports &#8211; <em>Ellena Vorl\u00e4nder &amp; Dalia H\u00f6hne, <a href=\"https:\/\/equalhealth4all.noblogs.org\/abschiebungsbeobachtung-nrw-ger\/\" target=\"_blank\" rel=\"noopener noreferrer\">Forced Return Monitoring at airports in North-Rhine Westphalia<\/a> (GER)<\/em><\/p>\n<p><span style=\"font-size: medium\"><span lang=\"en-GB\"><b>Hearing 8 \u00a0\u00a0\u00a0\u00a0 Migrant Workers Rights<br \/>\n<\/b><\/span><\/span><\/p>\n<p style=\"padding-left: 40px\"><span lang=\"en-GB\">Impact of the COVID-19 crisis on workers, those with problematic immigration status and on migrant communities<br \/>\n&#8211; <em>Angie Garcia, Waling Waling \/ <a href=\"https:\/\/equalhealth4all.noblogs.org\/ppt-london-steering-group-uk\/\" target=\"_blank\" rel=\"noopener noreferrer\">PPT London Steering Group<\/a> (UK) <\/em><\/span><\/p>\n<p style=\"padding-left: 40px\"><span lang=\"en-GB\">Testimony on the situation of domestic workers in Madrid<br \/>\n&#8211; <em><a href=\"https:\/\/equalhealth4all.noblogs.org\/asociacion-sedoac-servicio-domestico-activo-esp\/\" target=\"_blank\" rel=\"noopener noreferrer\">SEDOAC-Servicio Dom\u00e9stico Activo<\/a> (ESP)<\/em><\/span><\/p>\n<p style=\"padding-left: 40px\"><span lang=\"en-GB\">LAB Trade Union (ESP)<\/span><\/p>\n<p style=\"padding-left: 40px\"><a href=\"https:\/\/equalhealth4all.noblogs.org\/files\/2020\/11\/PPT-Berlin-workers-rights-meatindustry_eng.-1.pdf\" target=\"_blank\" rel=\"noopener noreferrer\">Impact of the COVID-19 crisis on migrant workers in Germany<\/a><br \/>\n&#8211; <em><a href=\"https:\/\/equalhealth4all.noblogs.org\/arbeitslosenhilfe-oldenburg-e-v-ger\/\" target=\"_blank\" rel=\"noopener noreferrer\">ALSO Oldenburg<\/a> &amp; Giuila Tattarini (GER)<\/em><\/p>\n<p>&nbsp;<\/p>\n<p><u><b>Sonntag 25. Okt, 2020<\/b><\/u><\/p>\n<p><a href=\"https:\/\/equalhealth4all.noblogs.org\/files\/2020\/11\/PRO-ASYL_New-Pact_Uebersicht-wichtigsten-Aspekte.pdf\" target=\"_blank\" rel=\"noopener noreferrer\"><span style=\"font-size: medium\"><span lang=\"en-GB\"><b>Comment on the EU Pact on Migration and Asylum <\/b><\/span><\/span><\/a><span style=\"font-size: medium\"><span lang=\"en-GB\">&#8211; <em>Wiebke Judith <\/em><em>(<a href=\"https:\/\/equalhealth4all.noblogs.org\/pro-asyl-ger\/\" target=\"_blank\" rel=\"noopener noreferrer\">ProAsyl<\/a>)<\/em><\/span><\/span><\/p>\n<p><span style=\"font-size: medium\"><span lang=\"en-GB\"><b>Jury: Comments on the context of the hearing<br \/>\n<\/b><\/span><\/span><\/p>\n<p><span style=\"font-size: medium\"><span lang=\"en-GB\"><b>Open Space for Questions to the Jurors<\/b><\/span><\/span><\/p>\n","protected":false},"excerpt":{"rendered":"<p>Das vollst\u00e4ndige Programm mit den beteiligten Organisationen und Beitr\u00e4gen im \u00dcberblick. Die aufgezeichneten Sitzungen sind auf unserem Youtube Kanal verf\u00fcgbar. Tag 1 Tag 2 Tag 3 Freitag 23. Okt, 2020 Pr\u00e4sentation Anklageschrift Hearing 1\u00a0\u00a0\u00a0\u00a0\u00a0 Access to Health Care in Germany &hellip; <a href=\"https:\/\/equalhealth4all.noblogs.org\/de\/programm\/\">Weiterlesen <span class=\"meta-nav\">&rarr;<\/span><\/a><\/p>\n","protected":false},"author":15197,"featured_media":0,"parent":0,"menu_order":0,"comment_status":"closed","ping_status":"closed","template":"","meta":{"_locale":"de_DE","_original_post":"http:\/\/equalhealth4all.noblogs.org\/?page_id=1416","footnotes":""},"class_list":["post-1416","page","type-page","status-publish","hentry","de-DE"],"_links":{"self":[{"href":"https:\/\/equalhealth4all.noblogs.org\/wp-json\/wp\/v2\/pages\/1416","targetHints":{"allow":["GET"]}}],"collection":[{"href":"https:\/\/equalhealth4all.noblogs.org\/wp-json\/wp\/v2\/pages"}],"about":[{"href":"https:\/\/equalhealth4all.noblogs.org\/wp-json\/wp\/v2\/types\/page"}],"author":[{"embeddable":true,"href":"https:\/\/equalhealth4all.noblogs.org\/wp-json\/wp\/v2\/users\/15197"}],"replies":[{"embeddable":true,"href":"https:\/\/equalhealth4all.noblogs.org\/wp-json\/wp\/v2\/comments?post=1416"}],"version-history":[{"count":62,"href":"https:\/\/equalhealth4all.noblogs.org\/wp-json\/wp\/v2\/pages\/1416\/revisions"}],"predecessor-version":[{"id":2079,"href":"https:\/\/equalhealth4all.noblogs.org\/wp-json\/wp\/v2\/pages\/1416\/revisions\/2079"}],"wp:attachment":[{"href":"https:\/\/equalhealth4all.noblogs.org\/wp-json\/wp\/v2\/media?parent=1416"}],"curies":[{"name":"wp","href":"https:\/\/api.w.org\/{rel}","templated":true}]}}