{"id":1642,"date":"2020-11-17T16:39:06","date_gmt":"2020-11-17T15:39:06","guid":{"rendered":"http:\/\/equalhealth4all.noblogs.org\/?page_id=1642"},"modified":"2020-11-17T16:39:06","modified_gmt":"2020-11-17T15:39:06","slug":"pro-asyl-ger","status":"publish","type":"page","link":"https:\/\/equalhealth4all.noblogs.org\/de\/pro-asyl-ger\/","title":{"rendered":"PRO ASYL (GER)"},"content":{"rendered":"<p align=\"justify\"><span style=\"font-family: Carlito, sans-serif\">PRO ASYL setzt sich f\u00fcr die Rechte von Fl\u00fcchtlingen und Migranten ein: Wir helfen Schutzsuchenden im Asylverfahren. Wir recherchieren Menschenrechtsverletzungen an den Grenzen. Und wir k\u00e4mpfen f\u00fcr eine offene Gesellschaft, in der Fl\u00fcchtlinge Schutz erhalten.<\/span><\/p>\n<p align=\"justify\"><span style=\"font-family: Carlito, sans-serif\">Verfolgung durch Terrorregimes, Kriege und B\u00fcrgerkriege, die gef\u00e4hrliche Lage in Staaten wie Syrien, Irak, Afghanistan, Eritrea, Somalia, Sudan oder Libyen \u2013 Flucht hat viele Gr\u00fcnde. Weltweit sind \u00fcber 60 Millionen Menschen auf der Suche nach Schutz. Die meisten von ihnen bleiben in ihrer Region. Nur ein kleinerer Teil macht sich auf den langen und gef\u00e4hrlichen Weg in andere L\u00e4nder.<\/span><\/p>\n<p align=\"justify\"><span style=\"font-family: Carlito, sans-serif\">Dabei sto\u00dfen sie auf zahlreiche Widerst\u00e4nde. Fl\u00fcchtlinge werden kriminalisiert und als Gefahr f\u00fcr Wohlstand und Stabilit\u00e4t der Gesellschaft bezeichnet, rassistische Tendenzen nehmen zu. Schaffen es Fl\u00fcchtlinge nach Europa, droht ihnen vielerorts Inhaftierung, Obdachlosigkeit und Elend. Auch in Deutschland leiden Fl\u00fcchtlinge unter Ausgrenzung, menschenunw\u00fcrdigen Lebensbedingungen und der Missachtung ihrer Rechte. Die Zahl rassistisch motivierter Angriffe ist seit Jahren sehr hoch.<\/span><\/p>\n<p align=\"justify\"><span style=\"font-family: Carlito, sans-serif\">PRO ASYL k\u00e4mpft gegen die unmenschliche Abschottungspolitik Europas und setzt sich daf\u00fcr ein, dass Schutzsuchende ein faires Asylverfahren erhalten und menschenw\u00fcrdig aufgenommen werden.<\/span><\/p>\n<p align=\"justify\">Homepage <a href=\"https:\/\/www.proasyl.de\/en\/\" target=\"_blank\" rel=\"noopener noreferrer\">PRO ASYL<\/a><\/p>\n","protected":false},"excerpt":{"rendered":"<p>PRO ASYL setzt sich f\u00fcr die Rechte von Fl\u00fcchtlingen und Migranten ein: Wir helfen Schutzsuchenden im Asylverfahren. Wir recherchieren Menschenrechtsverletzungen an den Grenzen. Und wir k\u00e4mpfen f\u00fcr eine offene Gesellschaft, in der Fl\u00fcchtlinge Schutz erhalten. Verfolgung durch Terrorregimes, Kriege und &hellip; <a href=\"https:\/\/equalhealth4all.noblogs.org\/de\/pro-asyl-ger\/\">Weiterlesen <span class=\"meta-nav\">&rarr;<\/span><\/a><\/p>\n","protected":false},"author":15197,"featured_media":0,"parent":0,"menu_order":0,"comment_status":"closed","ping_status":"closed","template":"","meta":{"_locale":"de_DE","_original_post":"http:\/\/equalhealth4all.noblogs.org\/?page_id=1642","footnotes":""},"class_list":["post-1642","page","type-page","status-publish","hentry","de-DE"],"_links":{"self":[{"href":"https:\/\/equalhealth4all.noblogs.org\/wp-json\/wp\/v2\/pages\/1642","targetHints":{"allow":["GET"]}}],"collection":[{"href":"https:\/\/equalhealth4all.noblogs.org\/wp-json\/wp\/v2\/pages"}],"about":[{"href":"https:\/\/equalhealth4all.noblogs.org\/wp-json\/wp\/v2\/types\/page"}],"author":[{"embeddable":true,"href":"https:\/\/equalhealth4all.noblogs.org\/wp-json\/wp\/v2\/users\/15197"}],"replies":[{"embeddable":true,"href":"https:\/\/equalhealth4all.noblogs.org\/wp-json\/wp\/v2\/comments?post=1642"}],"version-history":[{"count":2,"href":"https:\/\/equalhealth4all.noblogs.org\/wp-json\/wp\/v2\/pages\/1642\/revisions"}],"predecessor-version":[{"id":1968,"href":"https:\/\/equalhealth4all.noblogs.org\/wp-json\/wp\/v2\/pages\/1642\/revisions\/1968"}],"wp:attachment":[{"href":"https:\/\/equalhealth4all.noblogs.org\/wp-json\/wp\/v2\/media?parent=1642"}],"curies":[{"name":"wp","href":"https:\/\/api.w.org\/{rel}","templated":true}]}}